{"version":"1.0","provider_name":"\u00c9mergenceweb","provider_url":"https:\/\/emergenceweb.com\/blog","author_name":"Claude Malaison","author_url":"https:\/\/emergenceweb.com\/blog\/author\/administrateur\/","title":"De la panne r\u00e9seautique au Web s\u00e9mantique... - \u00c9mergenceweb","type":"rich","width":600,"height":338,"html":"<blockquote class=\"wp-embedded-content\" data-secret=\"uMpZ8z49t0\"><a href=\"https:\/\/emergenceweb.com\/blog\/2007\/07\/de-la-panne-reseautique-au-web-semantique\/\">De la panne r\u00e9seautique au Web s\u00e9mantique&#8230;<\/a><\/blockquote><iframe sandbox=\"allow-scripts\" security=\"restricted\" src=\"https:\/\/emergenceweb.com\/blog\/2007\/07\/de-la-panne-reseautique-au-web-semantique\/embed\/#?secret=uMpZ8z49t0\" width=\"600\" height=\"338\" title=\"\u00ab\u00a0De la panne r\u00e9seautique au Web s\u00e9mantique&#8230;\u00a0\u00bb &#8212; \u00c9mergenceweb\" data-secret=\"uMpZ8z49t0\" frameborder=\"0\" marginwidth=\"0\" marginheight=\"0\" scrolling=\"no\" class=\"wp-embedded-content\"><\/iframe><script type=\"text\/javascript\">\n\/* <![CDATA[ *\/\n\/*! This file is auto-generated *\/\n!function(d,l){\"use strict\";l.querySelector&&d.addEventListener&&\"undefined\"!=typeof URL&&(d.wp=d.wp||{},d.wp.receiveEmbedMessage||(d.wp.receiveEmbedMessage=function(e){var t=e.data;if((t||t.secret||t.message||t.value)&&!\/[^a-zA-Z0-9]\/.test(t.secret)){for(var s,r,n,a=l.querySelectorAll('iframe[data-secret=\"'+t.secret+'\"]'),o=l.querySelectorAll('blockquote[data-secret=\"'+t.secret+'\"]'),c=new RegExp(\"^https?:$\",\"i\"),i=0;i<o.length;i++)o[i].style.display=\"none\";for(i=0;i<a.length;i++)s=a[i],e.source===s.contentWindow&&(s.removeAttribute(\"style\"),\"height\"===t.message?(1e3<(r=parseInt(t.value,10))?r=1e3:~~r<200&&(r=200),s.height=r):\"link\"===t.message&&(r=new URL(s.getAttribute(\"src\")),n=new URL(t.value),c.test(n.protocol))&&n.host===r.host&&l.activeElement===s&&(d.top.location.href=t.value))}},d.addEventListener(\"message\",d.wp.receiveEmbedMessage,!1),l.addEventListener(\"DOMContentLoaded\",function(){for(var e,t,s=l.querySelectorAll(\"iframe.wp-embedded-content\"),r=0;r<s.length;r++)(t=(e=s[r]).getAttribute(\"data-secret\"))||(t=Math.random().toString(36).substring(2,12),e.src+=\"#?secret=\"+t,e.setAttribute(\"data-secret\",t)),e.contentWindow.postMessage({message:\"ready\",secret:t},\"*\")},!1)))}(window,document);\n\/* ]]> *\/\n<\/script>\n","description":"Hier soir, 19h00&#8230; Je m&rsquo;installe finalement au clavier pour \u00e9crire un billet sur une de mes r\u00e9centes lectures et ce, apr\u00e8s une journ\u00e9e mouvement\u00e9e, faite de rendez-vous, de r\u00e9unions et documents \u00e0 partager en wikis. Je n &lsquo;ai pas \u00e9crit deux mots que je perds la connexion Internet. Et moi qui riais r\u00e9cemment de la panne de r\u00e9seau chez Sympatico qui a affect\u00e9 jusqu&rsquo;aux terminaux de cartes d\u00e9bit. Bref Vid\u00e9otron a aussi eu ses probl\u00e8mes hier soir et pas d&rsquo;information sur l&rsquo;origine des probl\u00e8mes. Aux services techniques, le t\u00e9l\u00e9phone sonnait constamment engag\u00e9 ! Cong\u00e9 de Web pour la soir\u00e9e&#8230; Je voulais vous parler de Web s\u00e9mantique&#8230;Faudra que Vid\u00e9otron et les autres soient plus fiables pour qu&rsquo;on y arrive&#8230; Bref, je lisais un article fort int\u00e9ressant paru ce mois-ci dans la revue Business 2.0 sur les promesses du Web s\u00e9mantique. On y parle de Tim Berners-Lee, de Daniel Hillis mais aussi et surtout de Nova Spivack&#8230; Qui ? Le fondateur de Radar Networks, qui a lev\u00e9 10 millions $US en VC&#8230; Photo de Nova Spivack parue dans Business 2.0 Selon Michael Copeland, l&rsquo;auteur du reportage, cette \u00abstart-up\u00bb am\u00e9ricaine (encore eux&#8230;) est la plus pr\u00e8s de r\u00e9aliser la vision de Berners-Lee, vision [&hellip;]","thumbnail_url":"http:\/\/farm2.static.flickr.com\/1089\/851568090_58d217d346.jpg?v=0"}