{"version":"1.0","provider_name":"\u00c9mergenceweb","provider_url":"https:\/\/emergenceweb.com\/blog","author_name":"Claude Malaison","author_url":"https:\/\/emergenceweb.com\/blog\/author\/administrateur\/","title":"Yulbiz et lancement de livre... - \u00c9mergenceweb","type":"rich","width":600,"height":338,"html":"<blockquote class=\"wp-embedded-content\" data-secret=\"bDtVeDcmgK\"><a href=\"https:\/\/emergenceweb.com\/blog\/2007\/11\/yulbiz-et-lancement-de-livre\/\">Yulbiz et lancement de livre&#8230;<\/a><\/blockquote><iframe sandbox=\"allow-scripts\" security=\"restricted\" src=\"https:\/\/emergenceweb.com\/blog\/2007\/11\/yulbiz-et-lancement-de-livre\/embed\/#?secret=bDtVeDcmgK\" width=\"600\" height=\"338\" title=\"\u00ab\u00a0Yulbiz et lancement de livre&#8230;\u00a0\u00bb &#8212; \u00c9mergenceweb\" data-secret=\"bDtVeDcmgK\" frameborder=\"0\" marginwidth=\"0\" marginheight=\"0\" scrolling=\"no\" class=\"wp-embedded-content\"><\/iframe><script type=\"text\/javascript\">\n\/* <![CDATA[ *\/\n\/*! This file is auto-generated *\/\n!function(d,l){\"use strict\";l.querySelector&&d.addEventListener&&\"undefined\"!=typeof URL&&(d.wp=d.wp||{},d.wp.receiveEmbedMessage||(d.wp.receiveEmbedMessage=function(e){var t=e.data;if((t||t.secret||t.message||t.value)&&!\/[^a-zA-Z0-9]\/.test(t.secret)){for(var s,r,n,a=l.querySelectorAll('iframe[data-secret=\"'+t.secret+'\"]'),o=l.querySelectorAll('blockquote[data-secret=\"'+t.secret+'\"]'),c=new RegExp(\"^https?:$\",\"i\"),i=0;i<o.length;i++)o[i].style.display=\"none\";for(i=0;i<a.length;i++)s=a[i],e.source===s.contentWindow&&(s.removeAttribute(\"style\"),\"height\"===t.message?(1e3<(r=parseInt(t.value,10))?r=1e3:~~r<200&&(r=200),s.height=r):\"link\"===t.message&&(r=new URL(s.getAttribute(\"src\")),n=new URL(t.value),c.test(n.protocol))&&n.host===r.host&&l.activeElement===s&&(d.top.location.href=t.value))}},d.addEventListener(\"message\",d.wp.receiveEmbedMessage,!1),l.addEventListener(\"DOMContentLoaded\",function(){for(var e,t,s=l.querySelectorAll(\"iframe.wp-embedded-content\"),r=0;r<s.length;r++)(t=(e=s[r]).getAttribute(\"data-secret\"))||(t=Math.random().toString(36).substring(2,12),e.src+=\"#?secret=\"+t,e.setAttribute(\"data-secret\",t)),e.contentWindow.postMessage({message:\"ready\",secret:t},\"*\")},!1)))}(window,document);\n\/* ]]> *\/\n<\/script>\n","description":"Hier au Caf\u00e9 M\u00e9li\u00e8s, c&rsquo;\u00e9tait le dernier Yulbiz de l&rsquo;ann\u00e9e \u00e0 Montr\u00e9al mais aussi le lancement \u00abofficiel\u00bb du collectif \u00abPourquoi bloguer dans un contexte d&rsquo;affaires\u00bb. Tous les auteurs y \u00e9taient sauf celui de la pr\u00e9face, soit Jacques Nantel. Manquait \u00e9galement l&rsquo;\u00e9ditrice, Isabelle Quentin, en vacances quelque part sur la plan\u00e8te. Lors de cette soir\u00e9e, plusieurs personnes m&rsquo;ont demand\u00e9 pourquoi ce livre et pourquoi ce titre : R\u00e9ponse : Parce que je me fais souvent demander par des dirigeants d&rsquo;entreprise :\u00abPourquoi je bloguerais ?\u00bb ou encore \u00abPourquoi mes employ\u00e9s devraient-ils bloguer ?\u00bb. Une question, dix r\u00e9ponses&#8230; Ce fut une soir\u00e9e m\u00e9morable avec, entre autres, la pr\u00e9sence de plusieurs copains blogueurs de Qu\u00e9bec qui ont fait l&rsquo;aller-retour sur la 20 pour l&rsquo;occasion. Faut lire la description que fait Steph de son aventure montr\u00e9alaise et de ses rencontres&#8230; Un gros merci \u00e0 tous et \u00e0 Wendy Careau, dont le blogue ne saurait plus tarder, surtout qu&rsquo;Alain Th\u00e9riault, LE coach par excellence s&rsquo;est propos\u00e9 pour la conseiller. Plusieurs des auteurs ont pu donner leur point de vue sur le livre et le ph\u00e9nom\u00e8ne du blogue \u00e0 Sira Chayer, journaliste mobile de Canoe.ca. Leurs entrevues mont\u00e9es seront disponibles ce soir ou demain dans la rubrique [&hellip;]","thumbnail_url":"http:\/\/photos-a.ak.facebook.com\/photos-ak-sf2p\/v168\/112\/55\/671602594\/n671602594_488856_8754.jpg"}