{"version":"1.0","provider_name":"\u00c9mergenceweb","provider_url":"https:\/\/emergenceweb.com\/blog","author_name":"Claude Malaison","author_url":"https:\/\/emergenceweb.com\/blog\/author\/administrateur\/","title":"2008 : L'ann\u00e9e des Y ou des G ??? - \u00c9mergenceweb","type":"rich","width":600,"height":338,"html":"<blockquote class=\"wp-embedded-content\" data-secret=\"ER8e4CmmdL\"><a href=\"https:\/\/emergenceweb.com\/blog\/2008\/01\/2008-lannee-des-y-ou-des-g\/\">2008 : L&rsquo;ann\u00e9e des Y ou des G ???<\/a><\/blockquote><iframe sandbox=\"allow-scripts\" security=\"restricted\" src=\"https:\/\/emergenceweb.com\/blog\/2008\/01\/2008-lannee-des-y-ou-des-g\/embed\/#?secret=ER8e4CmmdL\" width=\"600\" height=\"338\" title=\"\u00ab\u00a02008 : L&rsquo;ann\u00e9e des Y ou des G ???\u00a0\u00bb &#8212; \u00c9mergenceweb\" data-secret=\"ER8e4CmmdL\" frameborder=\"0\" marginwidth=\"0\" marginheight=\"0\" scrolling=\"no\" class=\"wp-embedded-content\"><\/iframe><script type=\"text\/javascript\">\n\/* <![CDATA[ *\/\n\/*! This file is auto-generated *\/\n!function(d,l){\"use strict\";l.querySelector&&d.addEventListener&&\"undefined\"!=typeof URL&&(d.wp=d.wp||{},d.wp.receiveEmbedMessage||(d.wp.receiveEmbedMessage=function(e){var t=e.data;if((t||t.secret||t.message||t.value)&&!\/[^a-zA-Z0-9]\/.test(t.secret)){for(var s,r,n,a=l.querySelectorAll('iframe[data-secret=\"'+t.secret+'\"]'),o=l.querySelectorAll('blockquote[data-secret=\"'+t.secret+'\"]'),c=new RegExp(\"^https?:$\",\"i\"),i=0;i<o.length;i++)o[i].style.display=\"none\";for(i=0;i<a.length;i++)s=a[i],e.source===s.contentWindow&&(s.removeAttribute(\"style\"),\"height\"===t.message?(1e3<(r=parseInt(t.value,10))?r=1e3:~~r<200&&(r=200),s.height=r):\"link\"===t.message&&(r=new URL(s.getAttribute(\"src\")),n=new URL(t.value),c.test(n.protocol))&&n.host===r.host&&l.activeElement===s&&(d.top.location.href=t.value))}},d.addEventListener(\"message\",d.wp.receiveEmbedMessage,!1),l.addEventListener(\"DOMContentLoaded\",function(){for(var e,t,s=l.querySelectorAll(\"iframe.wp-embedded-content\"),r=0;r<s.length;r++)(t=(e=s[r]).getAttribute(\"data-secret\"))||(t=Math.random().toString(36).substring(2,12),e.src+=\"#?secret=\"+t,e.setAttribute(\"data-secret\",t)),e.contentWindow.postMessage({message:\"ready\",secret:t},\"*\")},!1)))}(window,document);\n\/* ]]> *\/\n<\/script>\n","description":"Le 31 d\u00e9cembre dernier, l&rsquo;ami Xavier Aucompte a commis son dernier billet de l&rsquo;ann\u00e9e, sur le blogue de B-R-Ent, en y allant d&rsquo;une pr\u00e9diction, ma foi, fort amusante. Il se posait la question sur 2008 et sur quel ph\u00e9nom\u00e8ne verrions-nous \u00e9clore et comme le nommerait-on. \u00c0 la suite de nos conversations sur les nouvelles g\u00e9n\u00e9rations montantes, Xavier a choisi le \u00abY\u00bb. Pas fou en effet&#8230; D\u00e9j\u00e0, en 2007, les m\u00e9dias ont commenc\u00e9 \u00e0 s&rsquo;int\u00e9resser \u00e0 cette g\u00e9n\u00e9ration montante des \u00abY\u00bb, qui arrive sur le march\u00e9 du travail et dont les fiers repr\u00e9sentants ont entre 20 et 29 ans. Et il n&rsquo;y a pas que les m\u00e9dias&#8230; Alert\u00e9es, les entreprises et leurs services de ressources humaines en redemandent : Il faut tout savoir sur cette nouvelle g\u00e9n\u00e9ration qui va investir les entreprises et amener avec elle les bouleversements sociaux cr\u00e9\u00e9s par le Web 2.0 et ses habitudes de consommation, surtout en mati\u00e8re de contenus et par-dessus tout, comment les \u00abapprivoiser\u00bb? Comme le fait aussi remarquer Xavier, 2008 sera aussi l&rsquo;ann\u00e9e de l&rsquo;\u00e9mergence (j&rsquo;aime toujours ce mot) de l&rsquo;Asie technologique, Web 2.0. Xavier parle de l&rsquo;Inde et du Japon, l&rsquo;une pour l&rsquo;informatique trad. et l&rsquo;autre pour les t\u00e9l\u00e9coms et la robotique mais [&hellip;]","thumbnail_url":"http:\/\/farm1.static.flickr.com\/235\/520017928_ca914740fd.jpg?v=0"}