{"version":"1.0","provider_name":"\u00c9mergenceweb","provider_url":"https:\/\/emergenceweb.com\/blog","author_name":"Claude Malaison","author_url":"https:\/\/emergenceweb.com\/blog\/author\/administrateur\/","title":"Rencontres du jeudi : Du ePortfolio \u00e0 l'Entrenet... - \u00c9mergenceweb","type":"rich","width":600,"height":338,"html":"<blockquote class=\"wp-embedded-content\" data-secret=\"6xZN6Lztup\"><a href=\"https:\/\/emergenceweb.com\/blog\/2008\/05\/rencontres-du-jeudi-du-eportfolio-a-lentrenet\/\">Rencontres du jeudi : Du ePortfolio \u00e0 l&rsquo;Entrenet&#8230;<\/a><\/blockquote><iframe sandbox=\"allow-scripts\" security=\"restricted\" src=\"https:\/\/emergenceweb.com\/blog\/2008\/05\/rencontres-du-jeudi-du-eportfolio-a-lentrenet\/embed\/#?secret=6xZN6Lztup\" width=\"600\" height=\"338\" title=\"\u00ab\u00a0Rencontres du jeudi : Du ePortfolio \u00e0 l&rsquo;Entrenet&#8230;\u00a0\u00bb &#8212; \u00c9mergenceweb\" data-secret=\"6xZN6Lztup\" frameborder=\"0\" marginwidth=\"0\" marginheight=\"0\" scrolling=\"no\" class=\"wp-embedded-content\"><\/iframe><script type=\"text\/javascript\">\n\/* <![CDATA[ *\/\n\/*! This file is auto-generated *\/\n!function(d,l){\"use strict\";l.querySelector&&d.addEventListener&&\"undefined\"!=typeof URL&&(d.wp=d.wp||{},d.wp.receiveEmbedMessage||(d.wp.receiveEmbedMessage=function(e){var t=e.data;if((t||t.secret||t.message||t.value)&&!\/[^a-zA-Z0-9]\/.test(t.secret)){for(var s,r,n,a=l.querySelectorAll('iframe[data-secret=\"'+t.secret+'\"]'),o=l.querySelectorAll('blockquote[data-secret=\"'+t.secret+'\"]'),c=new RegExp(\"^https?:$\",\"i\"),i=0;i<o.length;i++)o[i].style.display=\"none\";for(i=0;i<a.length;i++)s=a[i],e.source===s.contentWindow&&(s.removeAttribute(\"style\"),\"height\"===t.message?(1e3<(r=parseInt(t.value,10))?r=1e3:~~r<200&&(r=200),s.height=r):\"link\"===t.message&&(r=new URL(s.getAttribute(\"src\")),n=new URL(t.value),c.test(n.protocol))&&n.host===r.host&&l.activeElement===s&&(d.top.location.href=t.value))}},d.addEventListener(\"message\",d.wp.receiveEmbedMessage,!1),l.addEventListener(\"DOMContentLoaded\",function(){for(var e,t,s=l.querySelectorAll(\"iframe.wp-embedded-content\"),r=0;r<s.length;r++)(t=(e=s[r]).getAttribute(\"data-secret\"))||(t=Math.random().toString(36).substring(2,12),e.src+=\"#?secret=\"+t,e.setAttribute(\"data-secret\",t)),e.contentWindow.postMessage({message:\"ready\",secret:t},\"*\")},!1)))}(window,document);\n\/* ]]> *\/\n<\/script>\n","description":"Juste un court billet en cette fin de la semaine pour vous relater bir\u00e8vement mes rencontres d&rsquo;hier. Tout d&rsquo;abord Serge Ravet, vice-pr\u00e9sident \u00e0 l&rsquo; EFQUEL et CEO \u00e0 l&rsquo;EIFE. Je rencontrais Serge \u00e0 la suite de conversations que nous avions eues sur le Web, surtout \u00e0 la suite de son passage \u00e0 la Boule de cristal du CRIM. Serge est un fervent \u00ab\u00e9vang\u00e9lisateur\u00bb du ePortfolio. Pas seulement dans le domaine acad\u00e9mique et du eLearning mais en g\u00e9n\u00e9ral, ce qui le rapproche de mes r\u00e9flexions sur les LifeLogs mais aussi sur l&rsquo;identit\u00e9 num\u00e9rique et la portabilit\u00e9 des donn\u00e9es. Justement, Serge organise, comme moi, de nombreuses conf\u00e9rences internationales sur le ePortfolio et sur l&rsquo;identit\u00e9 num\u00e9rique, la plus r\u00e9cente s&rsquo;\u00e9tant tenue cette semaine \u00e0 Montr\u00e9al. Cette conf\u00e9rence s&rsquo;est tenue \u00e0 l&rsquo;universit\u00e9 Concordia et comme pour l&rsquo;ACFAS, a regroup\u00e9 de nombreux universitaires pr\u00e9occup\u00e9s par les applications acad\u00e9miques des Lifelogs ou ePortfolios. Tout ce qui concerne les dossiers acad\u00e9miques, la reconnaissance des acquis et la documentation n\u00e9cessaire \u00e0 l&#8217;emploi (CV etc.). Mais selon Serge, reste de vieux d\u00e9mons \u00e0 exorciser&#8230; Ceux de la peur de la protection des donn\u00e9es personnelles. Une peur cultiv\u00e9e par les TI traditionnelles qui \u00e9rigent une forteresse autour des donn\u00e9es et [&hellip;]","thumbnail_url":"http:\/\/farm4.static.flickr.com\/3060\/2479495844_979bf8e3d5.jpg?v=0"}