{"version":"1.0","provider_name":"\u00c9mergenceweb","provider_url":"https:\/\/emergenceweb.com\/blog","author_name":"Claude Malaison","author_url":"https:\/\/emergenceweb.com\/blog\/author\/administrateur\/","title":"Paris - Bordeaux : Yulbiz, Intrablog, Tariquet et speed-dating\u2026 - \u00c9mergenceweb","type":"rich","width":600,"height":338,"html":"<blockquote class=\"wp-embedded-content\" data-secret=\"55rDSU2GVt\"><a href=\"https:\/\/emergenceweb.com\/blog\/2008\/06\/paris-bordeaux-yulbiz-intrablog-tariquet-et-speed-dating\/\">Paris &#8211; Bordeaux : Yulbiz, Intrablog, Tariquet et speed-dating\u2026<\/a><\/blockquote><iframe sandbox=\"allow-scripts\" security=\"restricted\" src=\"https:\/\/emergenceweb.com\/blog\/2008\/06\/paris-bordeaux-yulbiz-intrablog-tariquet-et-speed-dating\/embed\/#?secret=55rDSU2GVt\" width=\"600\" height=\"338\" title=\"\u00ab\u00a0Paris &#8211; Bordeaux : Yulbiz, Intrablog, Tariquet et speed-dating\u2026\u00a0\u00bb &#8212; \u00c9mergenceweb\" data-secret=\"55rDSU2GVt\" frameborder=\"0\" marginwidth=\"0\" marginheight=\"0\" scrolling=\"no\" class=\"wp-embedded-content\"><\/iframe><script type=\"text\/javascript\">\n\/* <![CDATA[ *\/\n\/*! This file is auto-generated *\/\n!function(d,l){\"use strict\";l.querySelector&&d.addEventListener&&\"undefined\"!=typeof URL&&(d.wp=d.wp||{},d.wp.receiveEmbedMessage||(d.wp.receiveEmbedMessage=function(e){var t=e.data;if((t||t.secret||t.message||t.value)&&!\/[^a-zA-Z0-9]\/.test(t.secret)){for(var s,r,n,a=l.querySelectorAll('iframe[data-secret=\"'+t.secret+'\"]'),o=l.querySelectorAll('blockquote[data-secret=\"'+t.secret+'\"]'),c=new RegExp(\"^https?:$\",\"i\"),i=0;i<o.length;i++)o[i].style.display=\"none\";for(i=0;i<a.length;i++)s=a[i],e.source===s.contentWindow&&(s.removeAttribute(\"style\"),\"height\"===t.message?(1e3<(r=parseInt(t.value,10))?r=1e3:~~r<200&&(r=200),s.height=r):\"link\"===t.message&&(r=new URL(s.getAttribute(\"src\")),n=new URL(t.value),c.test(n.protocol))&&n.host===r.host&&l.activeElement===s&&(d.top.location.href=t.value))}},d.addEventListener(\"message\",d.wp.receiveEmbedMessage,!1),l.addEventListener(\"DOMContentLoaded\",function(){for(var e,t,s=l.querySelectorAll(\"iframe.wp-embedded-content\"),r=0;r<s.length;r++)(t=(e=s[r]).getAttribute(\"data-secret\"))||(t=Math.random().toString(36).substring(2,12),e.src+=\"#?secret=\"+t,e.setAttribute(\"data-secret\",t)),e.contentWindow.postMessage({message:\"ready\",secret:t},\"*\")},!1)))}(window,document);\n\/* ]]> *\/\n<\/script>\n","description":"La fin de la conf\u00e9rence de Paris \u00e9tait coupl\u00e9e avec une rencontre sp\u00e9ciale avec les blogueurs d\u2019affaires de Paris, lors d\u2019un Yulbiz-sp\u00e9cial, organis\u00e9 par l\u2019ami Fred Cavazza au Harry\u2019s Bar. L\u2019occasion de reprendre contact avec l\u2019ami Philippe Martin, fra\u00eechement arriv\u00e9 de Montr\u00e9al et de poursuivre les contacts avec Fred, Bertrand Duperrin, mon h\u00f4te de marque \u00e0 Paris,Vincent Berthelot, Xavier Aucompte, Gilbert R\u00e9veillon, Phil Jeudy et j\u2019en passe\u2026 Xavier Aucompte et Claire Leblond Une soir\u00e9e qui fut aussi l\u2019occasion de faire la connaissance, par l\u2019interm\u00e9diaire de Bertrand, avec Claire Leblond, une Lillo-parisienne, tr\u00e8s impliqu\u00e9e dans le d\u00e9veloppement des expertises 2.0 en entreprise et en strat\u00e9gies et management d\u2019entrepreunariat\u2026tr\u00e8s fran\u00e7ais mais d\u2019un autre c\u00f4t\u00e9, tr\u00e8s dynamique par l\u2019approche communautaire, pr\u00e8s de la rel\u00e8ve. Bref, un beau moment de \u00abr\u00e9seautage\u00bb, encore une fois g\u00e9n\u00e9r\u00e9 par les blogueurs d\u2019affaires\u2026Avant-dernier contact avec Paris avec un interm\u00e8de quelque part pr\u00e8s de Marne-la-Vall\u00e9e. Non, non\u2026 Pas \u00e0 Euro-Disney mais bien chez l\u2019ami Vincent Berthelot qui m\u2019a aimablement h\u00e9berg\u00e9 vendredi soir apr\u00e8s notre pr\u00e9sence \u00e0 la r\u00e9union du jury des prix Intrablog et Intraverse. Des prix qui r\u00e9compensent le travail des entreprises \u00e0 l\u2019\u00e9chelle internationale en mati\u00e8re d\u2019int\u00e9gration des technologies du Web 2.0 et du Web 3D. Une [&hellip;]","thumbnail_url":"http:\/\/farm3.static.flickr.com\/2133\/2545639356_d0b42a3bbc.jpg?v=0"}