{"version":"1.0","provider_name":"\u00c9mergenceweb","provider_url":"https:\/\/emergenceweb.com\/blog","author_name":"Claude Malaison","author_url":"https:\/\/emergenceweb.com\/blog\/author\/administrateur\/","title":"Davos, LeMeur et la vie priv\u00e9e... - \u00c9mergenceweb","type":"rich","width":600,"height":338,"html":"<blockquote class=\"wp-embedded-content\" data-secret=\"iNcMCRVOuy\"><a href=\"https:\/\/emergenceweb.com\/blog\/2009\/01\/davos-lemeur-et-la-vie-privee\/\">Davos, LeMeur et la vie priv\u00e9e&#8230;<\/a><\/blockquote><iframe sandbox=\"allow-scripts\" security=\"restricted\" src=\"https:\/\/emergenceweb.com\/blog\/2009\/01\/davos-lemeur-et-la-vie-privee\/embed\/#?secret=iNcMCRVOuy\" width=\"600\" height=\"338\" title=\"\u00ab\u00a0Davos, LeMeur et la vie priv\u00e9e&#8230;\u00a0\u00bb &#8212; \u00c9mergenceweb\" data-secret=\"iNcMCRVOuy\" frameborder=\"0\" marginwidth=\"0\" marginheight=\"0\" scrolling=\"no\" class=\"wp-embedded-content\"><\/iframe><script type=\"text\/javascript\">\n\/* <![CDATA[ *\/\n\/*! This file is auto-generated *\/\n!function(d,l){\"use strict\";l.querySelector&&d.addEventListener&&\"undefined\"!=typeof URL&&(d.wp=d.wp||{},d.wp.receiveEmbedMessage||(d.wp.receiveEmbedMessage=function(e){var t=e.data;if((t||t.secret||t.message||t.value)&&!\/[^a-zA-Z0-9]\/.test(t.secret)){for(var s,r,n,a=l.querySelectorAll('iframe[data-secret=\"'+t.secret+'\"]'),o=l.querySelectorAll('blockquote[data-secret=\"'+t.secret+'\"]'),c=new RegExp(\"^https?:$\",\"i\"),i=0;i<o.length;i++)o[i].style.display=\"none\";for(i=0;i<a.length;i++)s=a[i],e.source===s.contentWindow&&(s.removeAttribute(\"style\"),\"height\"===t.message?(1e3<(r=parseInt(t.value,10))?r=1e3:~~r<200&&(r=200),s.height=r):\"link\"===t.message&&(r=new URL(s.getAttribute(\"src\")),n=new URL(t.value),c.test(n.protocol))&&n.host===r.host&&l.activeElement===s&&(d.top.location.href=t.value))}},d.addEventListener(\"message\",d.wp.receiveEmbedMessage,!1),l.addEventListener(\"DOMContentLoaded\",function(){for(var e,t,s=l.querySelectorAll(\"iframe.wp-embedded-content\"),r=0;r<s.length;r++)(t=(e=s[r]).getAttribute(\"data-secret\"))||(t=Math.random().toString(36).substring(2,12),e.src+=\"#?secret=\"+t,e.setAttribute(\"data-secret\",t)),e.contentWindow.postMessage({message:\"ready\",secret:t},\"*\")},!1)))}(window,document);\n\/* ]]> *\/\n<\/script>\n","description":"J&rsquo;ai expliqu\u00e9 dans un pr\u00e9c\u00e9dent billet qu&rsquo;un des th\u00e8mes du prochain webcom-Montr\u00e9al, le 13 mai prochain, serait l&rsquo;identit\u00e9 num\u00e9rique. Un vaste th\u00e8me qui inclue la s\u00e9curit\u00e9 et la portabilit\u00e9 de nos donn\u00e9es mais aussi la notion de vie priv\u00e9e, \u00abPrivacy\u00bb comme disent nos voisins du Sud. Qui a droit de voir quoi sur un site comme LinkedIn ou Facebook ? Quels renseignements doit-on publier ou ne pas publier ? Justement, l&rsquo;ami Lo\u00efc LeMeur a eu le r\u00e9flexe d&rsquo;organiser un repas sur ce th\u00e8me dans le cadre du Forum \u00e9conomique mondial de Davos et d&rsquo;en publier des extraits sur le Web. Donc, en ap\u00e9ritif \u00e0 webcom, voici Lo\u00efc et ses invit\u00e9s dont Reid Hoffman, Thomas Crampton, Robert Scoble et Jeff Jarvis en discussion sur le Web et la vie priv\u00e9e :"}